{"id":951,"date":"2022-09-04T21:12:50","date_gmt":"2022-09-04T19:12:50","guid":{"rendered":"https:\/\/iglesiaevangelicaamara.com\/proteccion-de-datos\/"},"modified":"2022-09-04T21:12:50","modified_gmt":"2022-09-04T19:12:50","slug":"proteccion-de-datos","status":"publish","type":"page","link":"https:\/\/iglesiaevangelicaamara.com\/eu\/proteccion-de-datos\/","title":{"rendered":"Protecci\u00f3n de datos"},"content":{"rendered":"<p><a name=\"inicio\"><\/a><\/p>\n<h3><\/h3>\n<h3><span style=\"color: #333391;\"><strong>INFORMACION SOBRE EL TRATAMIENTO DE DATOS<\/strong><\/span><\/h3>\n<p><a name=\"general\"><\/a><\/p>\n<p>La iglesia Evang\u00e9lica de Amara recopila datos en diveras areas y actividades. Aqu\u00ed encontrar\u00e1 informaci\u00f3n relativa al tratamiento de dichos datos.<\/p>\n<ul>\n<li><a href=\"#general\">INFORMACI\u00d3N GENERAL<\/a>. Informaci\u00f3n com\u00fan a todos los dem\u00e1s apartados.<\/li>\n<li><a href=\"#ayudas\">DEMANDANTES DE AYUDAS SOCIALES<\/a>. Datos de las personas que asisten a las diferentes entregas de alimentos y que tenemos obligaci\u00f3n legal de solicitar sus datos.<\/li>\n<li><a href=\"#contactos\">CONTACTOS<\/a>. Asistentes a los cultos que rellenan una hoja con datos para recibir m\u00e1s informaci\u00f3n, o bien personas que rellenan el formulario de contacto en la web.<\/li>\n<li><a href=\"#donantes\">DONANTES<\/a>. Personas o miembros de la iglesia que hacen donaciones y quieren desgrabar en su declaraci\u00f3n de la renta.<\/li>\n<li><a href=\"#asistentes\">ASITENTES A CURSOS, RETIROS Y CAMPAMENTOS<\/a>. Personas que se apuntan a alguna actividad de la que se requiera conservar sus datos para enviarles instrucciones o informaciones complementarias.<\/li>\n<li><a href=\"#miembros\">MIEMBROS DE LA IGLESIA<\/a>. De los miembros de la iglesia recogemos diversos datos en una ficha, datos que pueden quedar incorporados en bases de datos de gesti\u00f3n de la iglesia.<\/li>\n<\/ul>\n<p><strong><span style=\"color: #223e94;\">INFORMACI\u00d3N GENERAL<\/span><\/strong><\/p>\n<p><strong><span style=\"color: #333391;\">\u00bfQui\u00e9n es el responsable de<span style=\"color: #223e94;\"> sus<\/span> datos?<\/span><\/strong><br \/>\nDe acuerdo con lo establecido por el Reglamento (UE) 2016\/679 del Parlamento Europeo y del Consejo, le informamos que los datos personales aportados ser\u00e1n tratados por <strong>IGLESIA CRISTIANA EVANGELICA DE AMARA<\/strong> con <strong>CIF R2000449E<\/strong> y domicilio en <strong>Plaza de las Armerias 2 &#8211; 20011, DONOSTIA (Gipuzkoa)<\/strong>.<\/p>\n<p><strong><span style=\"color: #333391;\">\u00bfCu\u00e1les son sus derechos cuando nos facilita sus datos?<\/span><\/strong><br \/>\nCualquier persona tiene derecho a solicitar el<strong> acceso, rectificaci\u00f3n, supresi\u00f3n, limitaci\u00f3n del tratamiento, oposici\u00f3n o derecho a la portabilidad<\/strong> de sus datos personales, escribi\u00e9ndonos a la direcci\u00f3n de nuestras oficinas, o enviando un correo electr\u00f3nico a<a href=\"mailto:info@iglesiaevangelicaamara.com\"><strong><span style=\"color: #333391;\"> info@iglesiaevangelicaamara.com<\/span><\/strong><\/a>, indicando el derecho que desea ejercer.<br \/>\nTendr\u00e1 derecho igualmente a<strong> retirar el consentimiento<\/strong> prestado en cualquier momento. La retirada del consentimiento no afectar\u00e1 a la licitud del tratamiento efectuado antes de la retirada de dicho consentimiento.<br \/>\nTiene derecho a presentar una <strong>reclamaci\u00f3n ante la <a href=\"https:\/\/www.aepd.es\/es\/derechos-y-deberes\/conoce-tus-derechos\">autoridad de control<\/a><\/strong> si considera que pueden haber sido vulnerados sus derechos en lo concerniente a la protecci\u00f3n de sus datos personales.<br \/>\n<a name=\"ayudas\"><\/a><\/p>\n<p style=\"text-align: right;\"><a href=\"#inicio\">volver al principio<\/a><\/p>\n<p>&nbsp;<\/p>\n<p><strong><span style=\"color: #333391;\">DEMANDANTES DE AYUDAS SOCIALES<\/span><\/strong><\/p>\n<p><strong><span style=\"color: #333391;\">\u00bfCon qu\u00e9 finalidad tratamos sus datos personales?<\/span><\/strong><br \/>\nLos datos aportados por usted son necesarios para poder prestarle con todas las garant\u00edas el servicio solicitado, y ser\u00e1n tratados con las siguientes finalidades: gesti\u00f3n de los datos de los demandantes de ayudas sociales.<\/p>\n<p><strong><span style=\"color: #333391;\">\u00bfPor cu\u00e1nto tiempo conservaremos sus datos?<\/span><\/strong><br \/>\nSus datos ser\u00e1n conservados mientras exista previsi\u00f3n legal que haga necesario su almacenamiento.<\/p>\n<p><strong><span style=\"color: #333391;\">\u00bfCu\u00e1l es la legitimaci\u00f3n para el tratamiento de sus datos?<\/span><\/strong><br \/>\nEl consentimiento del interesado.<\/p>\n<p style=\"text-align: left;\"><strong><span style=\"color: #333391;\">\u00bfA qu\u00e9 destinatarios se comunicar\u00e1n sus datos?<\/span><\/strong><br \/>\nPara cumplir con la finalidad prevista, sus datos podr\u00e1n ser comunicados a: Banco de Alimentos de Gipuzkoa<\/p>\n<p><a name=\"contactos\"><\/a><\/p>\n<p style=\"text-align: right;\"><a href=\"#inicio\">volver al principio<\/a><\/p>\n<p>&nbsp;<\/p>\n<p><strong><span style=\"color: #333391;\">CONTACTOS <\/span><\/strong><\/p>\n<p><strong><span style=\"color: #333391;\">\u00bfCon qu\u00e9 finalidad tratamos sus datos personales?<\/span><\/strong><br \/>\nLos datos aportados por usted son necesarios para poder prestarle con todas las garant\u00edas el servicio solicitado, y ser\u00e1n tratados con las siguientes finalidades: Gesti\u00f3n de las comunicaciones de la iglesia y promoci\u00f3n de las actividades.<\/p>\n<p><strong><span style=\"color: #333391;\">\u00bfPor cu\u00e1nto tiempo conservaremos sus datos?<\/span><\/strong><br \/>\nLos datos personales proporcionados se conservar\u00e1n mientras se prevea que pueden ser necesarios para contactar con el interesado.<\/p>\n<p><span style=\"color: #333391;\"><strong>\u00bfCu\u00e1l es la legitimaci\u00f3n para el tratamiento de sus datos?<\/strong><\/span><br \/>\nLa base legal para el tratamiento de sus datos es el consentimiento del interesado al proporcionar sus datos de contacto.<\/p>\n<p><strong><span style=\"color: #333391;\">\u00bfA qu\u00e9 destinatarios se comunicar\u00e1n sus datos?<\/span><\/strong><br \/>\nSus datos no se ceder\u00e1n a terceros salvo obligaci\u00f3n legal.<br \/>\n<a name=\"donantes\"><\/a><\/p>\n<p style=\"text-align: right;\"><a href=\"#inicio\">volver al principio<\/a><\/p>\n<p>&nbsp;<\/p>\n<p style=\"text-align: left;\"><strong><span style=\"color: #333391;\">DONANTES<\/span><\/strong><\/p>\n<p><strong><span style=\"color: #333391;\">\u00bfCon qu\u00e9 finalidad tratamos sus datos personales?<\/span><\/strong><br \/>\nLos datos aportados por usted son necesarios para poder prestarle con todas las garant\u00edas el servicio solicitado, y ser\u00e1n tratados con las siguientes finalidades: gesti\u00f3n administrativa de los datos de las personas que realizan donaciones<\/p>\n<p><strong><span style=\"color: #333391;\">\u00bfPor cu\u00e1nto tiempo conservaremos sus datos?<\/span><\/strong><br \/>\nSus datos ser\u00e1n conservados mientras exista previsi\u00f3n legal que haga necesario su almacenamiento o nos solicite su supresi\u00f3n<\/p>\n<p><span style=\"color: #333391;\"><strong>\u00bfCu\u00e1l es la legitimaci\u00f3n para el tratamiento de sus datos?<\/strong><\/span><br \/>\nEl cumplimiento de una obligaci\u00f3n fiscal<\/p>\n<p><strong><span style=\"color: #333391;\">\u00bfA qu\u00e9 destinatarios se comunicar\u00e1n sus datos?<\/span><\/strong><br \/>\nPara cumplir con la finalidad prevista, sus datos podr\u00e1n ser comunicados a: Administraci\u00f3n tributaria.<br \/>\n<a name=\"asistentes\"><\/a><\/p>\n<p style=\"text-align: right;\"><a href=\"#inicio\">volver al principio<\/a><\/p>\n<p>&nbsp;<\/p>\n<p><strong><span style=\"color: #333391;\">ASISTENTES A CURSOS, RETIROS Y CAMPAMENTOS.<\/span><\/strong><\/p>\n<p><strong><span style=\"color: #333391;\">\u00bfCon qu\u00e9 finalidad tratamos sus datos personales?<\/span><\/strong><br \/>\nLos datos aportados por usted son necesarios para poder prestarle con todas las garant\u00edas el servicio solicitado, y ser\u00e1n tratados con las siguientes finalidades: Gesti\u00f3n de los datos de los asistentes a los cursos de formaci\u00f3n, retiros y campamentos.<\/p>\n<p><strong><span style=\"color: #333391;\">\u00bfPor cu\u00e1nto tiempo conservaremos sus datos?<\/span><\/strong><br \/>\nSus datos ser\u00e1n conservados mientras exista previsi\u00f3n legal que haga necesario su almacenamiento.<\/p>\n<p><strong><span style=\"color: #333391;\">\u00bfCu\u00e1l es la legitimaci\u00f3n para el tratamiento de sus datos?<\/span><\/strong><br \/>\nEl consentimiento del interesado.<\/p>\n<p><strong><span style=\"color: #333391;\">\u00bfA qu\u00e9 destinatarios se comunicar\u00e1n sus datos?<\/span><\/strong><br \/>\nSus datos no se ceder\u00e1n a terceros salvo obligaci\u00f3n legal.<br \/>\n<a name=\"miembros\"><\/a><\/p>\n<p style=\"text-align: right;\"><a href=\"#inicio\">volver al principio<\/a><\/p>\n<p>&nbsp;<\/p>\n<p><strong><span style=\"color: #333391;\">MIEMBROS DE LA IGLESIA<\/span><\/strong><\/p>\n<p><strong><span style=\"color: #333391;\">\u00bfCon qu\u00e9 finalidad tratamos sus datos personales?<\/span><\/strong><br \/>\nLos datos aportados por usted son necesarios para poder prestarle con todas las garant\u00edas el servicio solicitado, y ser\u00e1n tratados con las siguientes finalidades: Gesti\u00f3n de los datos de los miembros para organizar las distintas actividades de la iglesia.<\/p>\n<p><strong><span style=\"color: #333391;\">\u00bfPor cu\u00e1nto tiempo conservaremos sus datos?<\/span><\/strong><br \/>\nSus datos ser\u00e1n conservados mientras exista previsi\u00f3n legal que haga necesario su almacenamiento.<\/p>\n<p><strong><span style=\"color: #333391;\">\u00bfCu\u00e1l es la legitimaci\u00f3n para el tratamiento de sus datos?<\/span><\/strong><br \/>\nEl consentimiento del interesado.<\/p>\n<p><strong><span style=\"color: #333391;\">\u00bfA qu\u00e9 destinatarios se comunicar\u00e1n sus datos?<\/span><\/strong><br \/>\nSus datos no se ceder\u00e1n a terceros salvo obligaci\u00f3n legal.<\/p>\n<p style=\"text-align: right;\"><a href=\"#inicio\">volver al principio<\/a><\/p>\n","protected":false},"excerpt":{"rendered":"<p>INFORMACION SOBRE EL TRATAMIENTO DE DATOS La iglesia Evang\u00e9lica de Amara recopila datos en diveras areas y actividades. Aqu\u00ed encontrar\u00e1 informaci\u00f3n relativa al tratamiento de dichos datos. INFORMACI\u00d3N GENERAL. Informaci\u00f3n&#8230;<\/p>\n","protected":false},"author":2,"featured_media":0,"parent":0,"menu_order":0,"comment_status":"closed","ping_status":"closed","template":"","meta":{"cybocfi_hide_featured_image":"","footnotes":""},"class_list":["post-951","page","type-page","status-publish"],"_links":{"self":[{"href":"https:\/\/iglesiaevangelicaamara.com\/eu\/wp-json\/wp\/v2\/pages\/951","targetHints":{"allow":["GET"]}}],"collection":[{"href":"https:\/\/iglesiaevangelicaamara.com\/eu\/wp-json\/wp\/v2\/pages"}],"about":[{"href":"https:\/\/iglesiaevangelicaamara.com\/eu\/wp-json\/wp\/v2\/types\/page"}],"author":[{"embeddable":true,"href":"https:\/\/iglesiaevangelicaamara.com\/eu\/wp-json\/wp\/v2\/users\/2"}],"replies":[{"embeddable":true,"href":"https:\/\/iglesiaevangelicaamara.com\/eu\/wp-json\/wp\/v2\/comments?post=951"}],"version-history":[{"count":0,"href":"https:\/\/iglesiaevangelicaamara.com\/eu\/wp-json\/wp\/v2\/pages\/951\/revisions"}],"wp:attachment":[{"href":"https:\/\/iglesiaevangelicaamara.com\/eu\/wp-json\/wp\/v2\/media?parent=951"}],"curies":[{"name":"wp","href":"https:\/\/api.w.org\/{rel}","templated":true}]}}